{"id":202,"date":"2024-07-11T23:54:37","date_gmt":"2024-07-11T21:54:37","guid":{"rendered":"https:\/\/www.ravanettiecspa.it\/?page_id=202"},"modified":"2024-07-26T14:54:58","modified_gmt":"2024-07-26T12:54:58","slug":"informativa-clienti-e-fornitori","status":"publish","type":"page","link":"https:\/\/www.ravanettiecspa.it\/it\/informativa-clienti-e-fornitori\/","title":{"rendered":"Informativa clienti e fornitori"},"content":{"rendered":"\n<div class=\"wp-block-group is-layout-constrained wp-container-core-group-is-layout-7a3688e9 wp-block-group-is-layout-constrained\">\n<p><strong>INFORMAZIONI DI CARATTERE GENERALE<br><\/strong>Si informano clienti\/fornitori (interessati al trattamento) e loro referenti (di seguito \u201cinteressati\u201d, ex. Art.4, c.1 del GDPR)) che i rapporti professionali instaurati con lo scrivente Titolare possono<br>comportare il trattamento di dati personali,&nbsp;nel rispetto dei seguenti principi di carattere generale:<br>\u2022 tutti i dati sono trattati in modo lecito, corretto e trasparente nei confronti dell\u2019interessato, nel rispetto dei principi generali previsti dall\u2019Art.5 del GDPR;<br>\u2022 specifiche misure di sicurezza sono osservate per prevenire la perdita dei dati, usi illeciti, o non corretti ed accessi non autorizzati;<br>\u2022 il Titolare del Trattamento \u00e8 la scrivente Societ\u00e0: Salumificio Ravanetti e C. S.r.l., via I\u00b0 Maggio n.2 \u2013 43035 San Michele Tiorre, Felino (PR); numero telefonico: 0521\/836434; email:&nbsp;info@ravanettiecspa.it<br>\u2022 al quale \u00e8 possibile rivolgersi per esercitare tutti i diritti previsti dagli art.15-21 del GDPR (diritto di accesso, di rettifica, di cancellazione, di limitazione, di portabilit\u00e0, di<br>opposizione), nonch\u00e9 revocare un consenso precedentemente accordato o proporre un reclamo all\u2019Autorit\u00e0 di controllo per la protezione dei dati personali.<\/p>\n\n\n\n<p><br><strong>OGGETTO DEL TRATTAMENTO<\/strong><br>Il Titolare tratta dati personali identificativi del cliente\/fornitore (ad esempio, nome, cognome, ragione sociale, dati anagrafici\/fiscali, indirizzo, telefono, e-mail, riferimenti bancari e di pagamento) e di suoi referenti operativi (nome cognome e dati di contatto) acquisiti ed utilizzati nell\u2019ambito dell\u2019erogazione dei servizi forniti dal Titolare.<\/p>\n\n\n\n<p><br><strong>FINALIT\u00c0 E BASE GIURIDICA DEL TRATTAMENTO<br><\/strong>I dati sono trattati per:<br>\u2022 concludere rapporti contrattuali\/professionali;<br>\u2022 adempiere agli obblighi precontrattuali, contrattuali e fiscali derivanti dai rapporti in essere, nonch\u00e9 gestire le necessarie comunicazioni ad essi connessi;<br>\u2022 adempiere agli obblighi previsti dalla legge, da un regolamento, dalla normativa comunitaria o da un ordine dell\u2019Autorit\u00e0<br>\u2022 esercitare un legittimo interesse nonch\u00e9 un diritto del Titolare (ad esempio: il diritto di difesa in sede giudiziaria, la tutela delle posizioni creditorie; le ordinarie esigenze interne di<br>tipo operativo, gestionale e contabile).<br>Il mancato conferimento dei suddetti dati render\u00e0 impossibile l\u2019instaurazione del rapporto con il Titolare. Le suddette finalit\u00e0 rappresentano, ai sensi dell\u2019Art.6, commi b,c,f, idonee basi giuridiche<br>di liceit\u00e0 del trattamento. Qualora si intendesse effettuare trattamenti per finalit\u00e0 diverse verr\u00e0 richiesto un apposito consenso agli interessati.<\/p>\n\n\n\n<p><br><strong>MODALIT\u00c0 DEL TRATTAMENTO<\/strong><br>Il trattamento dei dati personali \u00e8 realizzato per mezzo delle operazioni indicate all\u2019Art. 4 n. 2) GDPR e precisamente: raccolta, registrazione, organizzazione, conservazione, consultazione,<br>elaborazione, modificazione, selezione, estrazione, raffronto, utilizzo, interconnessione, blocco, comunicazione, cancellazione e distruzione dei dati. I dati personali sono sottoposti a trattamento<br>sia cartaceo che elettronico e\/o automatizzato. Il Titolare tratter\u00e0 i dati personali per il tempo necessario per adempiere alle finalit\u00e0 per cui sono stati raccolti e relativi obblighi di legge.<\/p>\n\n\n\n<p><br><strong>AMBITO DEL TRATTAMENTO<\/strong><\/p>\n\n\n\n<p>I dati sono trattati da soggetti interni regolarmente autorizzati e istruiti ai sensi dell\u2019Art.29 del GDPR. \u00c8 possibile richiedere inoltre l&#8217;ambito di comunicazione dei dati personali, ottenendo<br>precise indicazioni su eventuali soggetti esterni che operano in qualit\u00e0 di Responsabili o Titolari autonomi del trattamento (consulenti, tecnici, istituti bancari, trasportatori, ecc.). I dati non sono<br>oggetto di diffusione o trasferimento verso paesi extra-UE. Qualora si rendesse necessario, nell\u2019ambito di gare\/appalti oppure nell\u2019espletamento di obblighi normativi (es: responsabilit\u00e0<br>solidale, anticorruzione, antimafia, antiriciclaggio, ecc.) acquisire da clienti\/fornitori dati personali di loro dipendenti, si concorda tra le parti che la scrivente societ\u00e0 sar\u00e0 legittimata al trattamento<br>in qualit\u00e0 di Responsabile esterno (Art.28 GDPR) o di soggetto autorizzato (Art.29 GDPR).<br>Nell\u2019ambito di tale rapporto la scrivente societ\u00e0 si impegna al trattamento di tali dati nel rispetto dei requisiti di conformit\u00e0 previsti dal GDPR, garantendo l\u2019eventuale comunicazione ad ulteriori<br>soggetti esclusivamente nell\u2019ambito di specifici obblighi di legge.<\/p>\n\n\n\n<p><br><strong>DIRITTI DELL\u2019INTERESSATO\u00a0(GDPR artt. 15-22)<\/strong><br>In ogni momento, l\u2019interessato potr\u00e0 esercitare il diritto di:<br>\u2022 chiedere la conferma dell\u2019esistenza o meno di propri dati personali;<br>\u2022 ottenere le indicazioni circa le finalit\u00e0 del trattamento, le categorie dei dati personali, i destinatari o le categorie di destinatari a cui i dati personali sono stati o saranno<br>comunicati e, quando possibile, il periodo di conservazione;<br>\u2022 ottenere la rettifica e la cancellazione dei dati;<br>\u2022 ottenere la limitazione del trattamento;<br>\u2022 ottenere la portabilit\u00e0 dei dati, ossia riceverli da un titolare del trattamento, in un formato strutturato, di uso comune e leggibile da dispositivo automatico, e trasmetterli ad un altro<br>titolare del trattamento senza impedimenti;<br>\u2022 opporsi al trattamento in qualsiasi momento ed anche nel caso di trattamento per finalit\u00e0 di marketing diretto;<br>\u2022 opporsi ad un processo decisionale automatizzato relativo alle persone fisiche, compresa la profilazione;<br>\u2022 proporre un reclamo all\u2019Autorit\u00e0 Garante per la protezione dei dati italiana.<\/p>\n\n\n\n<p><\/p>\n<\/div>\n","protected":false},"excerpt":{"rendered":"<p>INFORMAZIONI DI CARATTERE GENERALESi informano clienti\/fornitori (interessati al trattamento) e loro referenti (di seguito \u201cinteressati\u201d, ex. Art.4, c.1 del GDPR)) [&hellip;]<\/p>\n","protected":false},"author":1,"featured_media":0,"parent":0,"menu_order":0,"comment_status":"closed","ping_status":"closed","template":"page-fullwidth","meta":{"footnotes":""},"class_list":["post-202","page","type-page","status-publish","hentry"],"_links":{"self":[{"href":"https:\/\/www.ravanettiecspa.it\/it\/wp-json\/wp\/v2\/pages\/202","targetHints":{"allow":["GET"]}}],"collection":[{"href":"https:\/\/www.ravanettiecspa.it\/it\/wp-json\/wp\/v2\/pages"}],"about":[{"href":"https:\/\/www.ravanettiecspa.it\/it\/wp-json\/wp\/v2\/types\/page"}],"author":[{"embeddable":true,"href":"https:\/\/www.ravanettiecspa.it\/it\/wp-json\/wp\/v2\/users\/1"}],"replies":[{"embeddable":true,"href":"https:\/\/www.ravanettiecspa.it\/it\/wp-json\/wp\/v2\/comments?post=202"}],"version-history":[{"count":5,"href":"https:\/\/www.ravanettiecspa.it\/it\/wp-json\/wp\/v2\/pages\/202\/revisions"}],"predecessor-version":[{"id":568,"href":"https:\/\/www.ravanettiecspa.it\/it\/wp-json\/wp\/v2\/pages\/202\/revisions\/568"}],"wp:attachment":[{"href":"https:\/\/www.ravanettiecspa.it\/it\/wp-json\/wp\/v2\/media?parent=202"}],"curies":[{"name":"wp","href":"https:\/\/api.w.org\/{rel}","templated":true}]}}